{"id":2173,"date":"2025-09-22T16:48:43","date_gmt":"2025-09-22T14:48:43","guid":{"rendered":"https:\/\/siegmar.ahlvers.de\/?page_id=2173"},"modified":"2026-02-11T17:24:24","modified_gmt":"2026-02-11T16:24:24","slug":"ausstellungen","status":"publish","type":"page","link":"https:\/\/siegmar.ahlvers.de\/en\/ausstellungen\/","title":{"rendered":"Exhibitions"},"content":{"rendered":"<div data-elementor-type=\"wp-page\" data-elementor-id=\"2173\" class=\"elementor elementor-2173\" data-elementor-post-type=\"page\">\n\t\t\t\t<div class=\"elementor-element elementor-element-28522f9 e-grid e-con-boxed e-con e-parent\" data-id=\"28522f9\" data-element_type=\"container\" data-e-type=\"container\">\n\t\t\t\t\t<div class=\"e-con-inner\">\n\t\t\t\t<div class=\"elementor-element elementor-element-1e94a31 elementor-widget elementor-widget-image\" data-id=\"1e94a31\" data-element_type=\"widget\" data-e-type=\"widget\" data-widget_type=\"image.default\">\n\t\t\t\t\t\t\t\t\t\t\t\t<figure class=\"wp-caption\">\n\t\t\t\t\t\t\t\t\t\t<img fetchpriority=\"high\" decoding=\"async\" width=\"600\" height=\"449\" src=\"https:\/\/siegmar.ahlvers.de\/wp-content\/uploads\/2025\/09\/jahresausstellung2005.jpg\" class=\"attachment-large size-large wp-image-2179\" alt=\"\" srcset=\"https:\/\/siegmar.ahlvers.de\/wp-content\/uploads\/2025\/09\/jahresausstellung2005.jpg 600w, https:\/\/siegmar.ahlvers.de\/wp-content\/uploads\/2025\/09\/jahresausstellung2005-300x225.jpg 300w, https:\/\/siegmar.ahlvers.de\/wp-content\/uploads\/2025\/09\/jahresausstellung2005-16x12.jpg 16w\" sizes=\"(max-width: 600px) 100vw, 600px\" \/>\t\t\t\t\t\t\t\t\t\t\t<figcaption class=\"widget-image-caption wp-caption-text\">So fing es an: Erste Ausstellungen 2004 \/ 2005<\/figcaption>\n\t\t\t\t\t\t\t\t\t\t<\/figure>\n\t\t\t\t\t\t\t\t\t<\/div>\n\t\t\t\t<div class=\"elementor-element elementor-element-58bb428 elementor-widget elementor-widget-text-editor\" data-id=\"58bb428\" data-element_type=\"widget\" data-e-type=\"widget\" data-widget_type=\"text-editor.default\">\n\t\t\t\t\t\t\t\t\t<h2 class=\"wp-block-heading\">Exhibitions and competitions<\/h2>\n<div><strong style=\"font-size: 1rem;\">2004\u00a0<\/strong><span style=\"font-size: 1rem;\">Permanent exhibition in the fLiP department store in Hannover Bemerode<\/span><\/div>\n<p><strong>2004\u00a0<\/strong>Participation in the 2004 annual exhibition at the Horst E. Lange glass art studio, Hanover<br \/><strong>2005\u00a0<\/strong>Participation in the 2005 annual exhibition at the Horst E. Lange glass art studio, Hanover<br \/><strong>2006\u00a0<\/strong>Group exhibition in the house of the artist Hildegard Seichter<br \/><strong>2006\u00a0<\/strong>Art competition \u201cThe Art of Communication\u201d HTP Hannover<br \/><strong>2007\u00a0<\/strong>Participation in the art market in Lehrte<br \/><strong>2008\u00a0<\/strong>Exhibition \u201cMexicolor\u201d at the church center at the D\u00f6hrener Turm, Hanover<br \/><strong>2008\u00a0<\/strong>Exhibition in the caf\u00e9 of the Neues Land therapy facility in Schorborn<br \/><strong>2008\u00a0<\/strong>Group exhibition at the Horst E. Lange studio, Ilten<br \/><strong>2009\u00a0<\/strong>Exhibition at the \u201cKirchrode Cultural Festival\u201d at the Queens Hotel in Hanover<br \/><strong>2010\u00a0<\/strong>Exhibition at the Leibniz Therapy Center Hannover<br \/><br \/><\/p>\n<p><!-- \/wp:paragraph --><\/p>\t\t\t\t\t\t\t\t<\/div>\n\t\t\t\t<div class=\"elementor-element elementor-element-bcc4b31 elementor-widget elementor-widget-text-editor\" data-id=\"bcc4b31\" data-element_type=\"widget\" data-e-type=\"widget\" data-widget_type=\"text-editor.default\">\n\t\t\t\t\t\t\t\t\t<p><strong>2017&nbsp;<\/strong>Auction of artworks for the 60th birthday of Frauke &amp; Siegmar Ahlvers<br><strong>2021&nbsp;<\/strong>Commissioned work \u201cEye of God\u201d for the ecumenical Bible week of the Charta Oecumenica in Hanover<br><strong>2021&nbsp;<\/strong>Art competition \u201cContrasts\u201d Art Association Laatzen<br><strong>2022&nbsp;<\/strong>Online exhibition at PLOGIX<br><strong>2023&nbsp;<\/strong>Joint exhibition with Jarallah Ghaidan, Niki de St. Phalle Promenade, Hanover<br><strong>2024&nbsp;<\/strong>Joint exhibition with 14 other artists,&nbsp;<a href=\"https:\/\/www.artcraftliving.com\/\">Grace Denker Gallery<\/a>, Hamburg<br><strong>2024<\/strong>&nbsp;Art project \u201cRooted in Love\u201d for the \u201c2024 Motto\u201d at the EFG Hannover Kronsberg<br><strong>2024<\/strong>&nbsp;Participation in the art project \u201cI want to comfort you\u201d of the community at the D\u00f6hrener Turm in Hanover<br><strong>2024<\/strong>&nbsp;Art competition \u201cThe World Of Tomorrow\u201d Art Association Laatzen<br><strong>2025<\/strong>&nbsp;Exhibition together with artists of the \"Kunstufer Hannover\" at the BDK<br><strong>2025<\/strong>&nbsp;Joint exhibition with 11 other artists,&nbsp;<a href=\"https:\/\/www.artcraftliving.com\/\">Grace Denker Gallery<\/a>, Hamburg<\/p><p><b>2027 <\/b>Planned: Solo exhibition in Celle at Atelier 22 from April to June 2027<\/p>\t\t\t\t\t\t\t\t<\/div>\n\t\t\t\t<div class=\"elementor-element elementor-element-6bf4dcb elementor-widget elementor-widget-image\" data-id=\"6bf4dcb\" data-element_type=\"widget\" data-e-type=\"widget\" data-widget_type=\"image.default\">\n\t\t\t\t\t\t\t\t\t\t\t\t<figure class=\"wp-caption\">\n\t\t\t\t\t\t\t\t\t\t<img decoding=\"async\" width=\"800\" height=\"547\" src=\"https:\/\/siegmar.ahlvers.de\/wp-content\/uploads\/2025\/09\/230610_Vernissage-001-1024x700.jpg\" class=\"attachment-large size-large wp-image-2185\" alt=\"\" srcset=\"https:\/\/siegmar.ahlvers.de\/wp-content\/uploads\/2025\/09\/230610_Vernissage-001-1024x700.jpg 1024w, https:\/\/siegmar.ahlvers.de\/wp-content\/uploads\/2025\/09\/230610_Vernissage-001-300x205.jpg 300w, https:\/\/siegmar.ahlvers.de\/wp-content\/uploads\/2025\/09\/230610_Vernissage-001-768x525.jpg 768w, https:\/\/siegmar.ahlvers.de\/wp-content\/uploads\/2025\/09\/230610_Vernissage-001-1536x1050.jpg 1536w, https:\/\/siegmar.ahlvers.de\/wp-content\/uploads\/2025\/09\/230610_Vernissage-001-2048x1400.jpg 2048w, https:\/\/siegmar.ahlvers.de\/wp-content\/uploads\/2025\/09\/230610_Vernissage-001-18x12.jpg 18w\" sizes=\"(max-width: 800px) 100vw, 800px\" \/>\t\t\t\t\t\t\t\t\t\t\t<figcaption class=\"widget-image-caption wp-caption-text\">2023 - 3-monatige Ausstellung in Hannovers Niki de St. Phalle Promenade<\/figcaption>\n\t\t\t\t\t\t\t\t\t\t<\/figure>\n\t\t\t\t\t\t\t\t\t<\/div>\n\t\t\t\t\t<\/div>\n\t\t\t\t<\/div>\n\t\t\t\t<\/div>","protected":false},"excerpt":{"rendered":"<p>So fing es an: Erste Ausstellungen 2004 \/ 2005 Ausstellungen und Wettbewerbe 2004\u00a0Dauerausstellung im Kaufhaus fLiP in Hannover Bemerode 2004\u00a0Teilnahme an der Jahresausstellung 2004 im Glaskunststudio Horst E. Lange, Hannover2005\u00a0Teilnahme an der Jahresausstellung 2005 im Glaskunststudio Horst E. Lange, Hannover2006\u00a0Gemeinschaftsausstellung im Haus der K\u00fcnstlerin Hildegard Seichter2006\u00a0Kunstwettbewerb \u201eDie Kunst der Kommunikation\u201c HTP Hannover2007\u00a0Beteiligung am Kunstmarkt in [&hellip;]<\/p>\n","protected":false},"author":1,"featured_media":0,"parent":0,"menu_order":0,"comment_status":"closed","ping_status":"closed","template":"","meta":{"footnotes":""},"class_list":["post-2173","page","type-page","status-publish","hentry"],"yoast_head":"<!-- This site is optimized with the Yoast SEO plugin v27.5 - https:\/\/yoast.com\/product\/yoast-seo-wordpress\/ -->\n<title>Ausstellungen - Siegmar Ahlvers<\/title>\n<meta name=\"robots\" content=\"index, follow, max-snippet:-1, max-image-preview:large, max-video-preview:-1\" \/>\n<link rel=\"canonical\" href=\"https:\/\/siegmar.ahlvers.de\/en\/ausstellungen\/\" \/>\n<meta property=\"og:locale\" content=\"en_US\" \/>\n<meta property=\"og:type\" content=\"article\" \/>\n<meta property=\"og:title\" content=\"Ausstellungen - Siegmar Ahlvers\" \/>\n<meta property=\"og:description\" content=\"So fing es an: Erste Ausstellungen 2004 \/ 2005 Ausstellungen und Wettbewerbe 2004\u00a0Dauerausstellung im Kaufhaus fLiP in Hannover Bemerode 2004\u00a0Teilnahme an der Jahresausstellung 2004 im Glaskunststudio Horst E. Lange, Hannover2005\u00a0Teilnahme an der Jahresausstellung 2005 im Glaskunststudio Horst E. Lange, Hannover2006\u00a0Gemeinschaftsausstellung im Haus der K\u00fcnstlerin Hildegard Seichter2006\u00a0Kunstwettbewerb \u201eDie Kunst der Kommunikation\u201c HTP Hannover2007\u00a0Beteiligung am Kunstmarkt in [&hellip;]\" \/>\n<meta property=\"og:url\" content=\"https:\/\/siegmar.ahlvers.de\/en\/ausstellungen\/\" \/>\n<meta property=\"og:site_name\" content=\"Siegmar Ahlvers\" \/>\n<meta property=\"article:publisher\" content=\"https:\/\/www.facebook.com\/siegmar.ahlvers\" \/>\n<meta property=\"article:modified_time\" content=\"2026-02-11T16:24:24+00:00\" \/>\n<meta property=\"og:image\" content=\"https:\/\/siegmar.ahlvers.de\/wp-content\/uploads\/2025\/09\/jahresausstellung2005.jpg\" \/>\n\t<meta property=\"og:image:width\" content=\"600\" \/>\n\t<meta property=\"og:image:height\" content=\"449\" \/>\n\t<meta property=\"og:image:type\" content=\"image\/jpeg\" \/>\n<meta name=\"twitter:card\" content=\"summary_large_image\" \/>\n<meta name=\"twitter:label1\" content=\"Est. reading time\" \/>\n\t<meta name=\"twitter:data1\" content=\"2 minutes\" \/>\n<script type=\"application\/ld+json\" class=\"yoast-schema-graph\">{\"@context\":\"https:\\\/\\\/schema.org\",\"@graph\":[{\"@type\":\"WebPage\",\"@id\":\"https:\\\/\\\/siegmar.ahlvers.de\\\/ausstellungen\\\/\",\"url\":\"https:\\\/\\\/siegmar.ahlvers.de\\\/ausstellungen\\\/\",\"name\":\"Ausstellungen - Siegmar Ahlvers\",\"isPartOf\":{\"@id\":\"https:\\\/\\\/siegmar.ahlvers.de\\\/#website\"},\"primaryImageOfPage\":{\"@id\":\"https:\\\/\\\/siegmar.ahlvers.de\\\/ausstellungen\\\/#primaryimage\"},\"image\":{\"@id\":\"https:\\\/\\\/siegmar.ahlvers.de\\\/ausstellungen\\\/#primaryimage\"},\"thumbnailUrl\":\"https:\\\/\\\/siegmar.ahlvers.de\\\/wp-content\\\/uploads\\\/2025\\\/09\\\/jahresausstellung2005.jpg\",\"datePublished\":\"2025-09-22T14:48:43+00:00\",\"dateModified\":\"2026-02-11T16:24:24+00:00\",\"breadcrumb\":{\"@id\":\"https:\\\/\\\/siegmar.ahlvers.de\\\/ausstellungen\\\/#breadcrumb\"},\"inLanguage\":\"en-US\",\"potentialAction\":[{\"@type\":\"ReadAction\",\"target\":[\"https:\\\/\\\/siegmar.ahlvers.de\\\/ausstellungen\\\/\"]}]},{\"@type\":\"ImageObject\",\"inLanguage\":\"en-US\",\"@id\":\"https:\\\/\\\/siegmar.ahlvers.de\\\/ausstellungen\\\/#primaryimage\",\"url\":\"https:\\\/\\\/siegmar.ahlvers.de\\\/wp-content\\\/uploads\\\/2025\\\/09\\\/jahresausstellung2005.jpg\",\"contentUrl\":\"https:\\\/\\\/siegmar.ahlvers.de\\\/wp-content\\\/uploads\\\/2025\\\/09\\\/jahresausstellung2005.jpg\"},{\"@type\":\"BreadcrumbList\",\"@id\":\"https:\\\/\\\/siegmar.ahlvers.de\\\/ausstellungen\\\/#breadcrumb\",\"itemListElement\":[{\"@type\":\"ListItem\",\"position\":1,\"name\":\"Startseite\",\"item\":\"https:\\\/\\\/siegmar.ahlvers.de\\\/\"},{\"@type\":\"ListItem\",\"position\":2,\"name\":\"Ausstellungen\"}]},{\"@type\":\"WebSite\",\"@id\":\"https:\\\/\\\/siegmar.ahlvers.de\\\/#website\",\"url\":\"https:\\\/\\\/siegmar.ahlvers.de\\\/\",\"name\":\"Siegmar Ahlvers - Kunst\",\"description\":\"Die Welt als Kunstwerk\",\"publisher\":{\"@id\":\"https:\\\/\\\/siegmar.ahlvers.de\\\/#\\\/schema\\\/person\\\/28359b6064e090906ad271e9d29a2b1e\"},\"potentialAction\":[{\"@type\":\"SearchAction\",\"target\":{\"@type\":\"EntryPoint\",\"urlTemplate\":\"https:\\\/\\\/siegmar.ahlvers.de\\\/?s={search_term_string}\"},\"query-input\":{\"@type\":\"PropertyValueSpecification\",\"valueRequired\":true,\"valueName\":\"search_term_string\"}}],\"inLanguage\":\"en-US\"},{\"@type\":[\"Person\",\"Organization\"],\"@id\":\"https:\\\/\\\/siegmar.ahlvers.de\\\/#\\\/schema\\\/person\\\/28359b6064e090906ad271e9d29a2b1e\",\"name\":\"siegmar@ahlvers.de\",\"image\":{\"@type\":\"ImageObject\",\"inLanguage\":\"en-US\",\"@id\":\"https:\\\/\\\/siegmar.ahlvers.de\\\/wp-content\\\/uploads\\\/2025\\\/06\\\/cropped-AlphaSigma_200.jpg\",\"url\":\"https:\\\/\\\/siegmar.ahlvers.de\\\/wp-content\\\/uploads\\\/2025\\\/06\\\/cropped-AlphaSigma_200.jpg\",\"contentUrl\":\"https:\\\/\\\/siegmar.ahlvers.de\\\/wp-content\\\/uploads\\\/2025\\\/06\\\/cropped-AlphaSigma_200.jpg\",\"width\":512,\"height\":512,\"caption\":\"siegmar@ahlvers.de\"},\"logo\":{\"@id\":\"https:\\\/\\\/siegmar.ahlvers.de\\\/wp-content\\\/uploads\\\/2025\\\/06\\\/cropped-AlphaSigma_200.jpg\"},\"description\":\"Von der Unsch\u00e4rfe zur Form: Siegmar Ahlvers\u2019 planvolle Abstraktion Bevor Siegmar Ahlvers K\u00fcnstler wurde, suchte er als Ingenieur nach Gesetzm\u00e4\u00dfigkeiten: Messwerte, Modelle, Systeme. Parallel trug er seit Jugendtagen Skizzenb\u00fccher mit sich \u2013 getrieben von der Frage, wie sich das Unsichtbare der Welt sichtbar machen l\u00e4sst. Heisenbergs Unsch\u00e4rferelation wurde ihm zur inneren Metapher: Wirklichkeit oszilliert zwischen Wahrscheinlichkeit und Gewissheit. Seine Malerei ist der Versuch, dieser Schwebe eine Form zu geben. Der \u00f6ffentlich sichtbare Start kam 2004 mit einer kleinen Ausstellung quadratischer Aquarelle. Ein Besucher kaufte spontan mehrere Arbeiten, doch entscheidender als der Verkauf war die Einsicht, dass seine Bilder R\u00e4ume und Stimmungen sp\u00fcrbar ver\u00e4ndern. Aus der privaten Suche wurde eine Haltung; Ahlvers entwickelte seine Kunst konsequent weiter \u2013 zun\u00e4chst neben dem Beruf, sp\u00e4ter als Profession. Seine Werke entstehen planvoll. Ideen wachsen aus Tr\u00e4umen, meditativen Notizen und Studien im Skizzenbuch; daraus entstehen Entw\u00fcrfe in kleinem Format, bevor Leinwand oder Holzk\u00f6rper folgen. Die \u2013 oft grafisch\u2011geometrischen \u2013 Kompositionen bauen auf pr\u00e4ziser Bildaufteilung und bewusst gesetzter Farbdramaturgie. Material und Methode sind offen: Pinsel, Spachtel, Rollen, Schw\u00e4mme, Stifte, Folienabz\u00fcge, Alufolie, Sand, Steinchen, Kohle, Magnete \u2013 alles, was Oberfl\u00e4che und Raum zum Klingen bringt. Zugleich arbeitet Ahlvers seriell und h\u00e4lt innerhalb einer Reihe die formale Sprache konsistent, damit die Werke einzeln bestehen und gemeinsam als Ensemble wirken. Gepr\u00e4gt von christlicher Pr\u00e4gung und naturwissenschaftlichem Denken sucht Ahlvers in Mustern, Rhythmen und Farbr\u00e4umen nach den \u201einneren Strukturen\u201c der Welt. Seine planvoll komponierten, atmosph\u00e4risch dichten Arbeiten schaffen in privaten wie beruflichen R\u00e4umen eine konzentrierte, inspirierende Pr\u00e4senz \u2013 Kunst als sichtbare Ordnung im Strom des Ungewissen. Siegmar Ahlvers, Jahrgang 1957, wuchs in Langenhagen, im Weserbergland und in Celle auf und lebt seit 1978 in Hannover. \u00dcber 30 Jahre internationale Reiset\u00e4tigkeit \u2013 besonders in der Reifenindustrie \u2013 pr\u00e4gten seinen Blick; heute flie\u00dfen diese Erfahrungen sichtbar in sein Werk ein.\",\"sameAs\":[\"https:\\\/\\\/siegmar.ahlvers.de\",\"https:\\\/\\\/www.facebook.com\\\/siegmar.ahlvers\",\"https:\\\/\\\/www.instagram.com\\\/siegmarahlvers\",\"https:\\\/\\\/www.linkedin.com\\\/in\\\/siegmarahlvers\\\/\",\"https:\\\/\\\/www.youtube.com\\\/@alphasigmahannover\"]}]}<\/script>\n<!-- \/ Yoast SEO plugin. -->","yoast_head_json":{"title":"Ausstellungen - Siegmar Ahlvers","robots":{"index":"index","follow":"follow","max-snippet":"max-snippet:-1","max-image-preview":"max-image-preview:large","max-video-preview":"max-video-preview:-1"},"canonical":"https:\/\/siegmar.ahlvers.de\/en\/ausstellungen\/","og_locale":"en_US","og_type":"article","og_title":"Ausstellungen - Siegmar Ahlvers","og_description":"So fing es an: Erste Ausstellungen 2004 \/ 2005 Ausstellungen und Wettbewerbe 2004\u00a0Dauerausstellung im Kaufhaus fLiP in Hannover Bemerode 2004\u00a0Teilnahme an der Jahresausstellung 2004 im Glaskunststudio Horst E. Lange, Hannover2005\u00a0Teilnahme an der Jahresausstellung 2005 im Glaskunststudio Horst E. Lange, Hannover2006\u00a0Gemeinschaftsausstellung im Haus der K\u00fcnstlerin Hildegard Seichter2006\u00a0Kunstwettbewerb \u201eDie Kunst der Kommunikation\u201c HTP Hannover2007\u00a0Beteiligung am Kunstmarkt in [&hellip;]","og_url":"https:\/\/siegmar.ahlvers.de\/en\/ausstellungen\/","og_site_name":"Siegmar Ahlvers","article_publisher":"https:\/\/www.facebook.com\/siegmar.ahlvers","article_modified_time":"2026-02-11T16:24:24+00:00","og_image":[{"width":600,"height":449,"url":"https:\/\/siegmar.ahlvers.de\/wp-content\/uploads\/2025\/09\/jahresausstellung2005.jpg","type":"image\/jpeg"}],"twitter_card":"summary_large_image","twitter_misc":{"Est. reading time":"2 minutes"},"schema":{"@context":"https:\/\/schema.org","@graph":[{"@type":"WebPage","@id":"https:\/\/siegmar.ahlvers.de\/ausstellungen\/","url":"https:\/\/siegmar.ahlvers.de\/ausstellungen\/","name":"Ausstellungen - Siegmar Ahlvers","isPartOf":{"@id":"https:\/\/siegmar.ahlvers.de\/#website"},"primaryImageOfPage":{"@id":"https:\/\/siegmar.ahlvers.de\/ausstellungen\/#primaryimage"},"image":{"@id":"https:\/\/siegmar.ahlvers.de\/ausstellungen\/#primaryimage"},"thumbnailUrl":"https:\/\/siegmar.ahlvers.de\/wp-content\/uploads\/2025\/09\/jahresausstellung2005.jpg","datePublished":"2025-09-22T14:48:43+00:00","dateModified":"2026-02-11T16:24:24+00:00","breadcrumb":{"@id":"https:\/\/siegmar.ahlvers.de\/ausstellungen\/#breadcrumb"},"inLanguage":"en-US","potentialAction":[{"@type":"ReadAction","target":["https:\/\/siegmar.ahlvers.de\/ausstellungen\/"]}]},{"@type":"ImageObject","inLanguage":"en-US","@id":"https:\/\/siegmar.ahlvers.de\/ausstellungen\/#primaryimage","url":"https:\/\/siegmar.ahlvers.de\/wp-content\/uploads\/2025\/09\/jahresausstellung2005.jpg","contentUrl":"https:\/\/siegmar.ahlvers.de\/wp-content\/uploads\/2025\/09\/jahresausstellung2005.jpg"},{"@type":"BreadcrumbList","@id":"https:\/\/siegmar.ahlvers.de\/ausstellungen\/#breadcrumb","itemListElement":[{"@type":"ListItem","position":1,"name":"Startseite","item":"https:\/\/siegmar.ahlvers.de\/"},{"@type":"ListItem","position":2,"name":"Ausstellungen"}]},{"@type":"WebSite","@id":"https:\/\/siegmar.ahlvers.de\/#website","url":"https:\/\/siegmar.ahlvers.de\/","name":"Siegmar Ahlvers - Kunst","description":"The world as a work of art","publisher":{"@id":"https:\/\/siegmar.ahlvers.de\/#\/schema\/person\/28359b6064e090906ad271e9d29a2b1e"},"potentialAction":[{"@type":"SearchAction","target":{"@type":"EntryPoint","urlTemplate":"https:\/\/siegmar.ahlvers.de\/?s={search_term_string}"},"query-input":{"@type":"PropertyValueSpecification","valueRequired":true,"valueName":"search_term_string"}}],"inLanguage":"en-US"},{"@type":["Person","Organization"],"@id":"https:\/\/siegmar.ahlvers.de\/#\/schema\/person\/28359b6064e090906ad271e9d29a2b1e","name":"siegmar@ahlvers.de","image":{"@type":"ImageObject","inLanguage":"en-US","@id":"https:\/\/siegmar.ahlvers.de\/wp-content\/uploads\/2025\/06\/cropped-AlphaSigma_200.jpg","url":"https:\/\/siegmar.ahlvers.de\/wp-content\/uploads\/2025\/06\/cropped-AlphaSigma_200.jpg","contentUrl":"https:\/\/siegmar.ahlvers.de\/wp-content\/uploads\/2025\/06\/cropped-AlphaSigma_200.jpg","width":512,"height":512,"caption":"siegmar@ahlvers.de"},"logo":{"@id":"https:\/\/siegmar.ahlvers.de\/wp-content\/uploads\/2025\/06\/cropped-AlphaSigma_200.jpg"},"description":"Von der Unsch\u00e4rfe zur Form: Siegmar Ahlvers\u2019 planvolle Abstraktion Bevor Siegmar Ahlvers K\u00fcnstler wurde, suchte er als Ingenieur nach Gesetzm\u00e4\u00dfigkeiten: Messwerte, Modelle, Systeme. Parallel trug er seit Jugendtagen Skizzenb\u00fccher mit sich \u2013 getrieben von der Frage, wie sich das Unsichtbare der Welt sichtbar machen l\u00e4sst. Heisenbergs Unsch\u00e4rferelation wurde ihm zur inneren Metapher: Wirklichkeit oszilliert zwischen Wahrscheinlichkeit und Gewissheit. Seine Malerei ist der Versuch, dieser Schwebe eine Form zu geben. Der \u00f6ffentlich sichtbare Start kam 2004 mit einer kleinen Ausstellung quadratischer Aquarelle. Ein Besucher kaufte spontan mehrere Arbeiten, doch entscheidender als der Verkauf war die Einsicht, dass seine Bilder R\u00e4ume und Stimmungen sp\u00fcrbar ver\u00e4ndern. Aus der privaten Suche wurde eine Haltung; Ahlvers entwickelte seine Kunst konsequent weiter \u2013 zun\u00e4chst neben dem Beruf, sp\u00e4ter als Profession. Seine Werke entstehen planvoll. Ideen wachsen aus Tr\u00e4umen, meditativen Notizen und Studien im Skizzenbuch; daraus entstehen Entw\u00fcrfe in kleinem Format, bevor Leinwand oder Holzk\u00f6rper folgen. Die \u2013 oft grafisch\u2011geometrischen \u2013 Kompositionen bauen auf pr\u00e4ziser Bildaufteilung und bewusst gesetzter Farbdramaturgie. Material und Methode sind offen: Pinsel, Spachtel, Rollen, Schw\u00e4mme, Stifte, Folienabz\u00fcge, Alufolie, Sand, Steinchen, Kohle, Magnete \u2013 alles, was Oberfl\u00e4che und Raum zum Klingen bringt. Zugleich arbeitet Ahlvers seriell und h\u00e4lt innerhalb einer Reihe die formale Sprache konsistent, damit die Werke einzeln bestehen und gemeinsam als Ensemble wirken. Gepr\u00e4gt von christlicher Pr\u00e4gung und naturwissenschaftlichem Denken sucht Ahlvers in Mustern, Rhythmen und Farbr\u00e4umen nach den \u201einneren Strukturen\u201c der Welt. Seine planvoll komponierten, atmosph\u00e4risch dichten Arbeiten schaffen in privaten wie beruflichen R\u00e4umen eine konzentrierte, inspirierende Pr\u00e4senz \u2013 Kunst als sichtbare Ordnung im Strom des Ungewissen. Siegmar Ahlvers, Jahrgang 1957, wuchs in Langenhagen, im Weserbergland und in Celle auf und lebt seit 1978 in Hannover. \u00dcber 30 Jahre internationale Reiset\u00e4tigkeit \u2013 besonders in der Reifenindustrie \u2013 pr\u00e4gten seinen Blick; heute flie\u00dfen diese Erfahrungen sichtbar in sein Werk ein.","sameAs":["https:\/\/siegmar.ahlvers.de","https:\/\/www.facebook.com\/siegmar.ahlvers","https:\/\/www.instagram.com\/siegmarahlvers","https:\/\/www.linkedin.com\/in\/siegmarahlvers\/","https:\/\/www.youtube.com\/@alphasigmahannover"]}]}},"_links":{"self":[{"href":"https:\/\/siegmar.ahlvers.de\/en\/wp-json\/wp\/v2\/pages\/2173","targetHints":{"allow":["GET"]}}],"collection":[{"href":"https:\/\/siegmar.ahlvers.de\/en\/wp-json\/wp\/v2\/pages"}],"about":[{"href":"https:\/\/siegmar.ahlvers.de\/en\/wp-json\/wp\/v2\/types\/page"}],"author":[{"embeddable":true,"href":"https:\/\/siegmar.ahlvers.de\/en\/wp-json\/wp\/v2\/users\/1"}],"replies":[{"embeddable":true,"href":"https:\/\/siegmar.ahlvers.de\/en\/wp-json\/wp\/v2\/comments?post=2173"}],"version-history":[{"count":10,"href":"https:\/\/siegmar.ahlvers.de\/en\/wp-json\/wp\/v2\/pages\/2173\/revisions"}],"predecessor-version":[{"id":2475,"href":"https:\/\/siegmar.ahlvers.de\/en\/wp-json\/wp\/v2\/pages\/2173\/revisions\/2475"}],"wp:attachment":[{"href":"https:\/\/siegmar.ahlvers.de\/en\/wp-json\/wp\/v2\/media?parent=2173"}],"curies":[{"name":"wp","href":"https:\/\/api.w.org\/{rel}","templated":true}]}}